{"id":3237,"date":"2011-07-22T16:20:57","date_gmt":"2011-07-22T14:20:57","guid":{"rendered":"http:\/\/www.sirho.es\/?page_id=3237"},"modified":"2018-06-19T12:15:48","modified_gmt":"2018-06-19T10:15:48","slug":"press-kit","status":"publish","type":"page","link":"https:\/\/www.sirho.es\/en\/information-2\/press-kit\/","title":{"rendered":"Press kit"},"content":{"rendered":"<ul>\n<li><strong>&#8220;Un debate vigente&#8221;\u00a0<\/strong>| Diario Informaci\u00f3n. (21\/09\/17) | (<a href=\"http:\/\/www.diarioinformacion.com\/opinion\/2016\/09\/21\/debate-vigente\/1807959.html\" data-saferedirecturl=\"https:\/\/www.google.com\/url?hl=es&amp;q=http:\/\/www.diarioinformacion.com\/opinion\/2016\/05\/04\/serpiente-verano\/1757277.html&amp;source=gmail&amp;ust=1463572140944000&amp;usg=AFQjCNHuA_1Pf4RHPDe9wMgfSMPu7gwffA\">enlace<\/a>)<\/li>\n<li><strong>&#8220;La econom\u00eda colaborativa en turismo&#8221;\u00a0<\/strong>| Diario Informaci\u00f3n. (06\/09\/17) | (<a href=\"http:\/\/www.diarioinformacion.com\/opinion\/2017\/09\/06\/economia-colaborativa-turismo\/1932981.html\" data-saferedirecturl=\"https:\/\/www.google.com\/url?hl=es&amp;q=http:\/\/www.diarioinformacion.com\/opinion\/2016\/05\/04\/serpiente-verano\/1757277.html&amp;source=gmail&amp;ust=1463572140944000&amp;usg=AFQjCNHuA_1Pf4RHPDe9wMgfSMPu7gwffA\">enlace<\/a>)<\/li>\n<li><strong>&#8220;En el top mundial&#8221;\u00a0<\/strong>| Diario Informaci\u00f3n. (02\/08\/17) | (<a href=\"http:\/\/www.diarioinformacion.com\/opinion\/2017\/08\/02\/top-mundial\/1922888.html\" data-saferedirecturl=\"https:\/\/www.google.com\/url?hl=es&amp;q=http:\/\/www.diarioinformacion.com\/opinion\/2016\/05\/04\/serpiente-verano\/1757277.html&amp;source=gmail&amp;ust=1463572140944000&amp;usg=AFQjCNHuA_1Pf4RHPDe9wMgfSMPu7gwffA\">enlace<\/a>)<\/li>\n<li><strong>&#8220;El m\u00e1ster de Direcci\u00f3n de Hoteles de la Universidad de Alicante profundizar\u00e1 en la gesti\u00f3n&#8221;\u00a0<\/strong>| Diario Informaci\u00f3n. (16\/06\/17) | (<a href=\"http:\/\/www.diarioinformacion.com\/alicante\/2016\/06\/15\/master-direccion-hoteles-universidad-alicante\/1774219.html\" data-saferedirecturl=\"https:\/\/www.google.com\/url?hl=es&amp;q=http:\/\/www.diarioinformacion.com\/opinion\/2016\/05\/04\/serpiente-verano\/1757277.html&amp;source=gmail&amp;ust=1463572140944000&amp;usg=AFQjCNHuA_1Pf4RHPDe9wMgfSMPu7gwffA\">enlace<\/a>)<\/li>\n<li><strong>&#8220;Intraemprendedores&#8221;\u00a0<\/strong>| Diario Informaci\u00f3n. (04\/05\/17) | (<a href=\"http:\/\/www.diarioinformacion.com\/opinion\/2017\/05\/04\/intraemprendedores\/1890180.html\" data-saferedirecturl=\"https:\/\/www.google.com\/url?hl=es&amp;q=http:\/\/www.diarioinformacion.com\/opinion\/2016\/05\/04\/serpiente-verano\/1757277.html&amp;source=gmail&amp;ust=1463572140944000&amp;usg=AFQjCNHuA_1Pf4RHPDe9wMgfSMPu7gwffA\">enlace<\/a>)<\/li>\n<li><strong>&#8220;El efecto mariposa&#8221;\u00a0<\/strong>| Diario Informaci\u00f3n. (15\/03\/17) | (<a href=\"http:\/\/www.diarioinformacion.com\/opinion\/2017\/03\/15\/efecto-mariposa\/1871743.html\" data-saferedirecturl=\"https:\/\/www.google.com\/url?hl=es&amp;q=http:\/\/www.diarioinformacion.com\/opinion\/2016\/05\/04\/serpiente-verano\/1757277.html&amp;source=gmail&amp;ust=1463572140944000&amp;usg=AFQjCNHuA_1Pf4RHPDe9wMgfSMPu7gwffA\">enlace<\/a>)<\/li>\n<li><strong>&#8220;\u00bfJefes t\u00f3xicos?&#8221;\u00a0<\/strong>| Diario Informaci\u00f3n. (15\/02\/17) | (<a href=\"http:\/\/www.diarioinformacion.com\/opinion\/2017\/02\/15\/jefes-toxicos\/1860773.html\" data-saferedirecturl=\"https:\/\/www.google.com\/url?hl=es&amp;q=http:\/\/www.diarioinformacion.com\/opinion\/2016\/05\/04\/serpiente-verano\/1757277.html&amp;source=gmail&amp;ust=1463572140944000&amp;usg=AFQjCNHuA_1Pf4RHPDe9wMgfSMPu7gwffA\">enlace<\/a>)<\/li>\n<li><strong>&#8220;Los retos del turismo en la Costa Blanca para 2017&#8221;\u00a0<\/strong>| Diario Informaci\u00f3n. (23\/02\/17) | (<a href=\"http:\/\/www.diarioinformacion.com\/especiales\/fitur\/2017\/01\/retos-turismo-costa-blanca-n1202_1_34785.html\" data-saferedirecturl=\"https:\/\/www.google.com\/url?hl=es&amp;q=http:\/\/www.diarioinformacion.com\/opinion\/2016\/05\/04\/serpiente-verano\/1757277.html&amp;source=gmail&amp;ust=1463572140944000&amp;usg=AFQjCNHuA_1Pf4RHPDe9wMgfSMPu7gwffA\">enlace<\/a>)<\/li>\n<li><strong>&#8220;El talento es la opci\u00f3n&#8221;\u00a0<\/strong>| Diario Informaci\u00f3n. (11\/01\/17) | (<a href=\"http:\/\/www.diarioinformacion.com\/opinion\/2017\/01\/11\/talento-opcion\/1847574.html\" data-saferedirecturl=\"https:\/\/www.google.com\/url?hl=es&amp;q=http:\/\/www.diarioinformacion.com\/opinion\/2016\/05\/04\/serpiente-verano\/1757277.html&amp;source=gmail&amp;ust=1463572140944000&amp;usg=AFQjCNHuA_1Pf4RHPDe9wMgfSMPu7gwffA\">enlace<\/a>)<\/li>\n<li><strong>&#8220;Mi percepci\u00f3n sobre el \u00abhecho digital\u00bb&#8221;\u00a0<\/strong>| Diario Informaci\u00f3n. (14\/12\/16) | (<a href=\"http:\/\/www.diarioinformacion.com\/opinion\/2016\/12\/14\/percepcion-hecho-digital\/1838899.html\" data-saferedirecturl=\"https:\/\/www.google.com\/url?hl=es&amp;q=http:\/\/www.diarioinformacion.com\/opinion\/2016\/05\/04\/serpiente-verano\/1757277.html&amp;source=gmail&amp;ust=1463572140944000&amp;usg=AFQjCNHuA_1Pf4RHPDe9wMgfSMPu7gwffA\">enlace<\/a>)<\/li>\n<li><strong>&#8220;Algunas conclusiones del \u00abverano tur\u00edstico\u00bb&#8221;\u00a0<\/strong>| Diario Informaci\u00f3n. (30\/11\/16) | (<a href=\"http:\/\/www.diarioinformacion.com\/opinion\/2016\/11\/30\/conclusiones-verano-turistico\/1834111.html\" data-saferedirecturl=\"https:\/\/www.google.com\/url?hl=es&amp;q=http:\/\/www.diarioinformacion.com\/opinion\/2016\/05\/04\/serpiente-verano\/1757277.html&amp;source=gmail&amp;ust=1463572140944000&amp;usg=AFQjCNHuA_1Pf4RHPDe9wMgfSMPu7gwffA\">enlace<\/a>)<\/li>\n<li><strong>&#8220;Bleixure, una oportunidad&#8221;\u00a0<\/strong>| Diario Informaci\u00f3n. (03\/11\/16) | (<a href=\"http:\/\/www.diarioinformacion.com\/opinion\/2016\/11\/03\/bleisure--oportunidad\/1823783.html\" data-saferedirecturl=\"https:\/\/www.google.com\/url?hl=es&amp;q=http:\/\/www.diarioinformacion.com\/opinion\/2016\/05\/04\/serpiente-verano\/1757277.html&amp;source=gmail&amp;ust=1463572140944000&amp;usg=AFQjCNHuA_1Pf4RHPDe9wMgfSMPu7gwffA\">enlace<\/a>)<\/li>\n<li><strong>&#8220;La digitalizaci\u00f3n empresarial&#8221;\u00a0<\/strong>| Diario Informaci\u00f3n. (20\/10\/16) | (<a href=\"http:\/\/www.diarioinformacion.com\/opinion\/2016\/10\/20\/digitalizacion-empresarial\/1818652.html\" data-saferedirecturl=\"https:\/\/www.google.com\/url?hl=es&amp;q=http:\/\/www.diarioinformacion.com\/opinion\/2016\/05\/04\/serpiente-verano\/1757277.html&amp;source=gmail&amp;ust=1463572140944000&amp;usg=AFQjCNHuA_1Pf4RHPDe9wMgfSMPu7gwffA\">enlace<\/a>)<\/li>\n<li><strong>&#8220;Un ejercicio tur\u00edstico excelente&#8221;\u00a0<\/strong>| Diario Informaci\u00f3n. (07\/09\/16) | (<a href=\"http:\/\/www.diarioinformacion.com\/opinion\/2016\/09\/07\/ejercicio-turistico-excelente\/1802863.html\" data-saferedirecturl=\"https:\/\/www.google.com\/url?hl=es&amp;q=http:\/\/www.diarioinformacion.com\/opinion\/2016\/05\/04\/serpiente-verano\/1757277.html&amp;source=gmail&amp;ust=1463572140944000&amp;usg=AFQjCNHuA_1Pf4RHPDe9wMgfSMPu7gwffA\">enlace<\/a>)<\/li>\n<li><strong>&#8220;Emoci\u00f3n y funci\u00f3n&#8221;\u00a0<\/strong>| Diario Informaci\u00f3n. (26\/07\/16) | (<a href=\"http:\/\/www.diarioinformacion.com\/opinion\/2016\/07\/26\/emocion-funcion\/1789110.html\" data-saferedirecturl=\"https:\/\/www.google.com\/url?hl=es&amp;q=http:\/\/www.diarioinformacion.com\/opinion\/2016\/05\/04\/serpiente-verano\/1757277.html&amp;source=gmail&amp;ust=1463572140944000&amp;usg=AFQjCNHuA_1Pf4RHPDe9wMgfSMPu7gwffA\">enlace<\/a>)<\/li>\n<li><strong>&#8220;La rentabilidad en turismo&#8221;\u00a0<\/strong>| Diario Informaci\u00f3n. (13\/07\/16) | (<a href=\"http:\/\/www.diarioinformacion.com\/opinion\/2016\/07\/13\/rentabilidad-turismo\/1784608.html\" data-saferedirecturl=\"https:\/\/www.google.com\/url?hl=es&amp;q=http:\/\/www.diarioinformacion.com\/opinion\/2016\/05\/04\/serpiente-verano\/1757277.html&amp;source=gmail&amp;ust=1463572140944000&amp;usg=AFQjCNHuA_1Pf4RHPDe9wMgfSMPu7gwffA\">enlace<\/a>)<\/li>\n<li><strong>&#8220;Claroscuro en turismo&#8221;\u00a0<\/strong>| Diario Informaci\u00f3n. (18\/06\/16) | (<a href=\"http:\/\/www.diarioinformacion.com\/opinion\/2016\/06\/18\/claroscuros-turismo\/1775300.html\" data-saferedirecturl=\"https:\/\/www.google.com\/url?hl=es&amp;q=http:\/\/www.diarioinformacion.com\/opinion\/2016\/05\/04\/serpiente-verano\/1757277.html&amp;source=gmail&amp;ust=1463572140944000&amp;usg=AFQjCNHuA_1Pf4RHPDe9wMgfSMPu7gwffA\">enlace<\/a>)<\/li>\n<li><strong>&#8220;Brexit y turismo&#8221;\u00a0<\/strong>| Diario Informaci\u00f3n. (01\/06\/16) | (<a href=\"http:\/\/www.diarioinformacion.com\/opinion\/2016\/06\/01\/brexit-turismo\/1768208.html\" data-saferedirecturl=\"https:\/\/www.google.com\/url?hl=es&amp;q=http:\/\/www.diarioinformacion.com\/opinion\/2016\/05\/04\/serpiente-verano\/1757277.html&amp;source=gmail&amp;ust=1463572140944000&amp;usg=AFQjCNHuA_1Pf4RHPDe9wMgfSMPu7gwffA\">enlace<\/a>)<\/li>\n<li><strong>&#8220;Pensamiento estrat\u00e9gico, innovaci\u00f3n y planes de contingencia&#8221;\u00a0<\/strong>| Diario Informaci\u00f3n. (28\/05\/16) | (<a href=\"http:\/\/www.diarioinformacion.com\/opinion\/2016\/06\/28\/pensamiento-estrategico-innovacion-planes\/1779056.html\" data-saferedirecturl=\"https:\/\/www.google.com\/url?hl=es&amp;q=http:\/\/www.diarioinformacion.com\/opinion\/2016\/05\/04\/serpiente-verano\/1757277.html&amp;source=gmail&amp;ust=1463572140944000&amp;usg=AFQjCNHuA_1Pf4RHPDe9wMgfSMPu7gwffA\">enlace<\/a>)<\/li>\n<li><strong>&#8220;Tambi\u00e9n en el destino est\u00e1 la diferencia&#8221;\u00a0<\/strong>| Diario Informaci\u00f3n. (18\/05\/16) | (<a href=\"http:\/\/www.diarioinformacion.com\/opinion\/2016\/05\/18\/destino-diferencia\/1762762.html\" data-saferedirecturl=\"https:\/\/www.google.com\/url?hl=es&amp;q=http:\/\/www.diarioinformacion.com\/opinion\/2016\/05\/04\/serpiente-verano\/1757277.html&amp;source=gmail&amp;ust=1463572140944000&amp;usg=AFQjCNHuA_1Pf4RHPDe9wMgfSMPu7gwffA\">enlace<\/a>)<\/li>\n<li><strong>&#8220;Serpiente de verano&#8221;\u00a0<\/strong>| Diario Informaci\u00f3n. (04\/05\/16) | (<a href=\"http:\/\/www.diarioinformacion.com\/opinion\/2016\/05\/04\/serpiente-verano\/1757277.html\" data-saferedirecturl=\"https:\/\/www.google.com\/url?hl=es&amp;q=http:\/\/www.diarioinformacion.com\/opinion\/2016\/05\/04\/serpiente-verano\/1757277.html&amp;source=gmail&amp;ust=1463572140944000&amp;usg=AFQjCNHuA_1Pf4RHPDe9wMgfSMPu7gwffA\">enlace<\/a>)<\/li>\n<li><strong>&#8220;El capital humano en turismo&#8221; <\/strong>| Diario Informaci\u00f3n. (20\/04\/16) | (<a href=\"http:\/\/www.diarioinformacion.com\/opinion\/2016\/04\/20\/capital-humano-turismo\/1751785.html\" data-saferedirecturl=\"https:\/\/www.google.com\/url?hl=es&amp;q=http:\/\/www.diarioinformacion.com\/opinion\/2016\/04\/20\/capital-humano-turismo\/1751785.html&amp;source=gmail&amp;ust=1463572140944000&amp;usg=AFQjCNHP4tpMCNbBoiX1vE27CPWj__HRBA\">enlace<\/a>)<\/li>\n<li><strong>&#8220;Alicante quiere ser la capital de los grandes directivos&#8221;<\/strong> | El Mundo (19\/04\/2016) | (<a href=\"http:\/\/www.elmundo.es\/comunidad-valenciana\/2016\/04\/19\/5715e9bee5fdea8d5c8c0593.html\">Enlace<\/a> &#8211; <a href=\"http:\/\/www.sirho.es\/wp-content\/uploads\/2011\/07\/vlcnoticias.com-Alicante-sede-del-encuentro-de-jo?venes-Talento-en-crecimiento-en-la-UA.pdf\">pdf<\/a>)<\/li>\n<li><strong>&#8220;Una jornada pone en contacto a 400 j\u00f3venes con directivos&#8221;<\/strong> | Peri\u00f3dico La Verdad (19\/04\/2016) | (<a href=\"http:\/\/www.laverdad.es\/alicante\/sociedad\/201604\/19\/jornada-pone-contacto-jovenes-20160419015723-v.html\">Enlace<\/a> &#8211; <a href=\"http:\/\/www.sirho.es\/wp-content\/uploads\/2011\/07\/LA-VERDAD-19.04.2016.pdf\">pdf<\/a>)<\/li>\n<li><strong>&#8220;CEDE y el C\u00edrculo de Econom\u00eda impulsan el empleo juvenil con una jornada en la UA&#8221;<\/strong>\u00a0| Diario Informaci\u00f3n (19-04-2016) | (<a href=\"http:\/\/www.diarioinformacion.com\/economia\/2016\/04\/19\/cede-circulo-economia-impulsan-empleo\/1751318.html\" target=\"_blank\" rel=\"noopener\">Enlace<\/a> &#8211; <a href=\"http:\/\/www.sirho.es\/wp-content\/uploads\/2011\/07\/abc-18-abril-2016.pdf\">pdf<\/a>)<\/li>\n<li><strong>&#8220;Los universitarios tienen el jueves una cita con el talento&#8221;<\/strong> | Alicante Press (18\/04\/2016) | (<a href=\"http:\/\/alicantepress.com\/2016\/04\/18\/los-universitarios-tienen-el-jueves-una-cita-con-el-talento\/\">Enlace<\/a> &#8211; <a href=\"http:\/\/www.sirho.es\/wp-content\/uploads\/2011\/07\/alicantepress-19-04-2016.pdf\">pdf<\/a>)<\/li>\n<li><strong>&#8220;Directivos de empresas punteras de toda Espa\u00f1a orientan a universitarios&#8221;<\/strong> | Peri\u00f3dico ABC (18\/04\/2016) | (<a href=\"http:\/\/www.abc.es\/espana\/comunidad-valenciana\/alicante\/abci-directivos-empresas-punteras-toda-espana-orientan-jovenes-universitarios-201604181358_noticia.html\" target=\"_blank\" rel=\"noopener\">Enlace<\/a> &#8211; <a href=\"http:\/\/www.sirho.es\/wp-content\/uploads\/2011\/07\/abc-18-abril-2016.pdf\" target=\"_blank\" rel=\"noopener\">pdf<\/a>)<\/li>\n<li><strong>&#8220;Alicante acoge una nueva edici\u00f3n del encuentro de j\u00f3venes &#8216;Talento en crecimiento'&#8221;<\/strong> | La Cr\u00f3nica Virtual (18\/04\/2016) | (<a href=\"http:\/\/www.lacronicavirtual.com\/index.php\/alicante\/12779-alicante-acoge-una-nueva-edicion-del-encuentro-de-jovenes-talento-en-crecimiento\">Enlace<\/a> &#8211; <a href=\"http:\/\/www.sirho.es\/wp-content\/uploads\/2011\/07\/vlcnoticias.com-Alicante-sede-del-encuentro-de-jo?venes-Talento-en-crecimiento-en-la-UA.pdf\">pdf<\/a>)<\/li>\n<li><strong>&#8220;Alicante, sede del encuentro de j\u00f3venes \u2018Talento en crecimiento\u2019 en la UA&#8221;<\/strong> | Valencia Noticias (18\/04\/2016) | (<a href=\"http:\/\/www.vlcnoticias.com\/alicante-sede-del-encuentro-de-jovenes-talento-en-crecimiento-en-la-ua\/\">Enlace<\/a> | <a href=\"http:\/\/www.sirho.es\/wp-content\/uploads\/2011\/07\/vlcnoticias.com-Alicante-sede-del-encuentro-de-jo?venes-Talento-en-crecimiento-en-la-UA.pdf\">pdf<\/a>)<\/li>\n<li>&#8220;<strong>Un cluster del idioma castellano<\/strong>&#8221; | Diario Informaci\u00f3n. (02\/04\/16) | (<a href=\"http:\/\/www.diarioinformacion.com\/opinion\/2016\/04\/02\/cluster-idioma-castellano-alicante\/1745270.html\" data-saferedirecturl=\"https:\/\/www.google.com\/url?hl=es&amp;q=http:\/\/www.diarioinformacion.com\/opinion\/2016\/04\/02\/cluster-idioma-castellano-alicante\/1745270.html&amp;source=gmail&amp;ust=1463572140944000&amp;usg=AFQjCNGtqds9Ot48IK7qivBSFS7sRtAK3Q\">enlace<\/a>)<\/li>\n<li><strong>&#8220;Consenso o equipo&#8221;\u00a0<\/strong>| Diario Informaci\u00f3n. (09\/03\/16) | (<a href=\"http:\/\/www.diarioinformacion.com\/opinion\/2016\/03\/09\/consenso-o-equipo\/1736671.html\" data-saferedirecturl=\"https:\/\/www.google.com\/url?hl=es&amp;q=http:\/\/www.diarioinformacion.com\/opinion\/2016\/03\/09\/consenso-o-equipo\/1736671.html&amp;source=gmail&amp;ust=1463572140944000&amp;usg=AFQjCNGASAKKG7QGTMdWHBhDu-SDOuFzdw\">enlace<\/a>)<\/li>\n<li><strong>&#8220;Desestacionalizar, desesatacionalizar&#8221;<\/strong>\u00a0| ABC. (01\/03\/16) | (<a href=\"http:\/\/www.abc.es\/espana\/comunidad-valenciana\/alicante\/abci-desestacionalizar-desestacionalizar-201603012023_noticia.html\" data-saferedirecturl=\"https:\/\/www.google.com\/url?hl=es&amp;q=http:\/\/www.abc.es\/espana\/comunidad-valenciana\/alicante\/abci-desestacionalizar-desestacionalizar-201603012023_noticia.html&amp;source=gmail&amp;ust=1463572140944000&amp;usg=AFQjCNGsxBn6MJvHVvKrF8MhXvBqc6iPpQ\">enlace<\/a>)<\/li>\n<li><strong>&#8220;Turismo emergente&#8221;<\/strong>\u00a0| ABC. (10\/02\/16) | (<a href=\"http:\/\/www.abc.es\/espana\/comunidad-valenciana\/alicante\/abci-turismo-emergente-201602101947_noticia.html\" data-saferedirecturl=\"https:\/\/www.google.com\/url?hl=es&amp;q=http:\/\/www.abc.es\/espana\/comunidad-valenciana\/alicante\/abci-turismo-emergente-201602101947_noticia.html&amp;source=gmail&amp;ust=1463572140944000&amp;usg=AFQjCNGeYmGd2AD9RAXgYGTC567Hy1Rssg\">enlace<\/a>)<\/li>\n<li><strong>&#8220;El turismo, nuestra primera industria&#8221;<\/strong>\u00a0| ABC. (10\/02\/16)| (<a href=\"http:\/\/www.abc.es\/espana\/comunidad-valenciana\/alicante\/abci-turismo-nuestra-primera-industria-201601211139_noticia.html\" data-saferedirecturl=\"https:\/\/www.google.com\/url?hl=es&amp;q=http:\/\/www.abc.es\/espana\/comunidad-valenciana\/alicante\/abci-turismo-nuestra-primera-industria-201601211139_noticia.html&amp;source=gmail&amp;ust=1463572140944000&amp;usg=AFQjCNETSXNQcATeiRmH9Qw6RMvtwk7Y3Q\">enlace<\/a>)<\/li>\n<li><strong>&#8220;Piensa global\u00a0act\u00faa\u00a0local&#8221;<\/strong>\u00a0| Diario Informaci\u00f3n. (26\/01\/16) | (<a href=\"http:\/\/www.diarioinformacion.com\/especiales\/fitur\/2016\/01\/piensa-global-actua-local-n919_1_26415.html\" target=\"_blank\" rel=\"noopener\">Enlace<\/a>)<\/li>\n<li><strong>&#8220;Turismo MICE en Alicante&#8221;\u00a0<\/strong>| ABC. (07\/01\/16) | (<a href=\"http:\/\/www.abc.es\/espana\/comunidad-valenciana\/alicante\/abci-turismo-mice-alicante-201601071131_noticia.html\" data-saferedirecturl=\"https:\/\/www.google.com\/url?hl=es&amp;q=http:\/\/www.abc.es\/espana\/comunidad-valenciana\/alicante\/abci-turismo-mice-alicante-201601071131_noticia.html&amp;source=gmail&amp;ust=1463572140944000&amp;usg=AFQjCNHfWXA-9C83AIaRst0X0CboEvrCsA\">enlace<\/a>)<\/li>\n<li><strong>&#8220;Formaci\u00f3n y personalizaci\u00f3n&#8221;<\/strong>\u00a0\u00a0| ABC. (23\/12\/15)|\u00a0\u00a0(<a href=\"http:\/\/www.abc.es\/espana\/comunidad-valenciana\/alicante\/abci-formacion-y-personalizacion-201512231148_noticia.html\" target=\"_blank\" rel=\"noopener\">Enlace<\/a>)<\/li>\n<li><strong>&#8220;Con detalle&#8221;\u00a0<\/strong>| ABC. (23\/12\/15) | <a href=\"http:\/\/www.abc.es\/espana\/comunidad-valenciana\/alicante\/abci-detalle-201512111319_noticia.html\" data-saferedirecturl=\"https:\/\/www.google.com\/url?hl=es&amp;q=http:\/\/www.abc.es\/espana\/comunidad-valenciana\/alicante\/abci-detalle-201512111319_noticia.html&amp;source=gmail&amp;ust=1463572140944000&amp;usg=AFQjCNFb9sAEltmEAEW0BTN8pZYUR0aYsQ\">(enlace<\/a>)<\/li>\n<li>&#8220;<strong>Nos creemos mejores de lo que somos&#8221;<\/strong>\u00a0| Diario Informaci\u00f3n. (08\/12\/15) |\u00a0\u00a0(<a href=\"http:\/\/www.diarioinformacion.com\/alicante\/2015\/12\/08\/creemos-mejores\/1704962.html\" data-saferedirecturl=\"https:\/\/www.google.com\/url?hl=es&amp;q=http:\/\/www.diarioinformacion.com\/alicante\/2015\/12\/08\/creemos-mejores\/1704962.html&amp;source=gmail&amp;ust=1463572140944000&amp;usg=AFQjCNGRhYCerdl9hcX0Z67bidk25gRGSA\">enlace<\/a>)<\/li>\n<li>Jos\u00e9 Luis Gasc\u00f3: <strong>&#8220;La \u00e9poca de las vacas flacas ha finalizado y ahora hay que ofrecer a los clientes unos servicios de mayor calidad&#8221;<\/strong> | Benissadigital.es (28\/10\/2014) |\u00a0(<a href=\"http:\/\/benissadigital.es\/not\/5952\/gasco-la-epoca-de-las-vacas-flacas-ha-finalizado-y-ahora-hay-que-ofrecer-a-los-clientes-unos-servicios-de-mayor-calidad-\/\" target=\"_blank\" rel=\"noopener\">Enlace <\/a>&#8211; \u00a0<a href=\"http:\/\/www.sirho.es\/wp-content\/uploads\/2011\/07\/Gasc\u00f3_-_La-\u00e9poca-de-las-vacas-flacas-ha-finalizado-y-ahora-hay-que-ofrecer-a-los-clientes-unos-servicios-de-mayor-calidad_-\u2014-Benissa-Digital-Informaci\u00f3n-y-actualidad-de-Benissa.pdf\" target=\"_blank\" rel=\"noopener\">pdf<\/a>)<\/li>\n<li>&#8220;<strong>La UA y la firma legal Cuatrecasas se al\u00edan para mejorar la formaci\u00f3n de los administradores<\/strong>&#8221; | <a href=\"http:\/\/www.laverdad.es\/\" target=\"_blank\" rel=\"noopener\">Peri\u00f3dico La Verdad<\/a>\u00a0(17\/10\/2014) | (<a href=\"http:\/\/www.laverdad.es\/alicante\/ciudad-alicante\/201410\/17\/firma-legal-cuatrecasas-alian-20141017153638.html\" target=\"_blank\" rel=\"noopener\">Enlace<\/a> &#8211; <a href=\"http:\/\/www.sirho.es\/wp-content\/uploads\/2011\/07\/jose-luis-gasco-La-UA-y-la-firma-legal-Cuatrecasas-se-al\u00edan-para-mejorar-la-formaci\u00f3n-de-los-administradores.pdf\" target=\"_blank\" rel=\"noopener\">pdf<\/a>)<\/li>\n<li>El M\u00e1ster en Recursos Humanos de la Universidad de Alicante clausura su IX Edici\u00f3n | Peri\u00f3dico ABC (18\/05\/2014) | (<a href=\"http:\/\/www.abc.es\/local-alicante\/20140518\/abci-master-clausura-201405181957.html\" target=\"_blank\" rel=\"noopener\">Enlace<\/a> &#8211; \u00a0<a href=\"http:\/\/www.sirho.es\/wp-content\/uploads\/2011\/07\/El-m\u00e1ster-en-Recursos-Humanos-de-la-Universidad-de-Alicante-clausura-su-IX-edici\u00f3n-ABC.pdf\" target=\"_blank\" rel=\"noopener\">pdf<\/a>)<\/li>\n<li><strong>Entrevista a Jos\u00e9 Luis Gasc\u00f3 Gasc\u00f3<\/strong>\u00a0| Peri\u00f3dico ABC \u00a0(30\/06\/2013) | (<a href=\"http:\/\/www.abc.es\/alicante\/20130630\/abcp-empresas-final-personas-integran-20130630.html#.UdExfYOXby0.facebook\" target=\"_blank\" rel=\"noopener\">Enlace<\/a>\u00a0&#8211;\u00a0<a href=\"http:\/\/www.doeua.es\/wp-content\/uploads\/2013\/07\/gasco_abc_11-05-2013.pdf\" target=\"_blank\" rel=\"noopener\">pdf<\/a>)<\/li>\n<li><a href=\"http:\/\/www.sirho.es\/wp-content\/uploads\/2013\/06\/reyes_laverdad_18062013.pdf\" target=\"_blank\" rel=\"noopener\"><strong>La Tribuna de la UA | Talentos Siglos XXI<\/strong> <\/a>| Reyes Gonz\u00e1lez | (18\/06\/2013)<\/li>\n<li><strong>Aniversario C\u00e1tedra Prosegur |\u00a0<\/strong>Diario Informaci\u00f3n (23\/03\/2013) | (<a style=\"background-color: #ffffff;\" href=\"http:\/\/polop.cpd.ua.es\/dossierua\/REPOSITORIO\/23-03-2013\/INFORMACION\/3.pdf\" target=\"_blank\" rel=\"noopener\">Enlace<\/a><span style=\"color: #000000; background-color: #ffffff;\">\u00a0&#8211;\u00a0<\/span><a style=\"background-color: #ffffff;\" href=\"http:\/\/www.sirho.es\/wp-content\/uploads\/2011\/07\/aniversario-catedra-prosegur.pdf\" target=\"_blank\" rel=\"noopener\">pdf<\/a><span style=\"color: #000000; background-color: #ffffff;\">)<\/span><\/li>\n<li><strong>Entrevista a Jos\u00e9 Luis Gasc\u00f3<\/strong> | <a href=\"http:\/\/rhmedia.es\/index.php\" target=\"_blank\" rel=\"noopener\">rhmedia.es<\/a> (01\/02\/2013) | (<a href=\"http:\/\/rhmedia.es\/entrevistas\/los_ayuntamientos_necesitan_urgentemente_ratios_de_ges-id0793.html\" target=\"_blank\" rel=\"noopener\">Enlace<\/a> &#8211; <a href=\"http:\/\/www.sirho.es\/wp-content\/uploads\/2011\/07\/JLG-Rhmedia.pdf\" target=\"_blank\" rel=\"noopener\">pdf<\/a>)<\/li>\n<li><strong><\/strong><strong>La UA participa en la inauguraci\u00f3n de la C\u00e1tedra Emprendimiento <\/strong><span style=\"font-weight: normal;\">| Actualidad Universitaria (18\/10\/2012) | (<\/span><a style=\"font-weight: normal;\" href=\"http:\/\/web.ua.es\/es\/actualidad-universitaria\/octubre2012\/octubre2012-15-21\/la-ua-participa-en-la-inauguracion-de-la-catedra-emprendimiento.html\" target=\"_blank\" rel=\"noopener\">enlace<\/a><span style=\"font-weight: normal;\">)<\/span><\/li>\n<li><strong>Alumno del M\u00e1ster en Direcci\u00f3n y Gesti\u00f3n de Recursos Humanos trabajando en Shanghai<\/strong> | La Verdad (14-10-2012) | (<a href=\"http:\/\/www.sirho.es\/wp-content\/uploads\/2011\/07\/NACHO-USIN.pdf\" target=\"_blank\" rel=\"noopener\">pdf<\/a>)<\/li>\n<li><strong>&#8220;Internacionalizaci\u00f3n y Cooperaci\u00f3n: dos caras de la misma moneda&#8221;<\/strong>, Mar\u00eda Reyes Gonz\u00e1lez | Diario Informaci\u00f3n (30-09-2012) | (<a href=\"http:\/\/www.sirho.es\/wp-content\/uploads\/2011\/07\/Reyes_informacion_30-09-2012.pdf\" target=\"_blank\" rel=\"noopener\">pdf<\/a>&#8211;<a href=\"http:\/\/www.diarioinformacion.com\/opinion\/2012\/09\/29\/internacionalizacion-cooperacion-caras-moneda\/1299415.html\" target=\"_blank\" rel=\"noopener\">enlace<\/a>)<\/li>\n<li><strong>&#8220;El liderazgo y las bases de la confianza&#8221;<\/strong>, Mar\u00eda Reyes Gonz\u00e1lez | Diario Informaci\u00f3n (29-06-2012) | (<a href=\"http:\/\/www.sirho.es\/wp-content\/uploads\/2011\/07\/El-liderazgo-y-las-bases-de-la-confianza-29-06-2012.pdf\" target=\"_blank\" rel=\"noopener\">pdf<\/a>&#8211;<a href=\"http:\/\/www.diarioinformacion.com\/opinion\/2012\/06\/29\/liderazgo-bases-confianza\/1269635.html\" target=\"_blank\" rel=\"noopener\">enlace<\/a>)<\/li>\n<li><a href=\"http:\/\/www.sirho.es\/2012\/06\/12\/viernes-15-de-junio-conferencia-clausura-cursos-postgrado-departamento-de-organizacion-de-empresas\/\" target=\"_blank\" rel=\"noopener\">Conferencia Clausura Cursos Postgrado Departamento de Organizaci\u00f3n de empresas<\/a> (15\/06\/2012)<\/li>\n<li><a href=\"http:\/\/www.youtube.com\/watch?v=ifwlVb1m5xo\" target=\"_blank\" rel=\"noopener\">Despedida de Juan Llopis como Decano de la Facultad de Ciencias Econ\u00f3micas y Empresariales de la Universidad de Alicante<\/a> (01\/06\/2012)<\/li>\n<li><strong>Nota de prensa sobre el Claustro de Profesores<\/strong> del M\u00e1ster en Direcci\u00f3n y Gesti\u00f3n de Recursos Humanos | Diario Informaci\u00f3n (22\/05\/2012) | (<a href=\"http:\/\/www.sirho.es\/wp-content\/uploads\/2011\/07\/nota-de-prensa-22-05-2012-Diario-Informaci\u00f3n.pdf\" target=\"_blank\" rel=\"noopener\">pdf<\/a>)<\/li>\n<li>Nota de prensa Clausura CMUA (12\/03\/2012) | (<a href=\"http:\/\/www.sirho.es\/wp-content\/uploads\/2011\/07\/cmua.pdf\" target=\"_blank\" rel=\"noopener\">pdf<\/a>)<\/li>\n<li>Presentaci\u00f3n de la C\u00e1tedra Prosegur (08\/02\/2012) |<a href=\"http:\/\/www.intercomarcal.com\/noticias\/UNIVERSIDAD%20DE%20ALICANTE\/la-universidad-de-alicante-presenta-la-catedra-prosegur-\/41088.html\" target=\"_blank\" rel=\"noopener\"> intecomarcal.com<\/a> | <a href=\"https:\/\/polop.cpd.ua.es\/dossierua\/REPOSITORIO\/09-02-2012\/VERDAD\/Un%20espacio%20al%20servicio%20de%20los%20recursos.jpg\" target=\"_blank\" rel=\"noopener\">Diario La Verdad<\/a> | <a href=\"http:\/\/web.ua.es\/es\/actualidad-universitaria\/febrero2012\/febrero2012-6-12\/la-universidad-de-alicante-presenta-la-catedra-prosegur.html\" target=\"_blank\" rel=\"noopener\">Actualidad Universitaria<\/a> |\u00a0<a href=\"http:\/\/rhmedia.es\/noticias\/prosegur_y_la_ua_crean_una_catedra_para_formar_e_invest-id0491.html\" target=\"_blank\" rel=\"noopener\">rhmedia<\/a><\/li>\n<li><strong><\/strong><strong>&#8220;Talento y compromiso&#8221;<\/strong><span style=\"font-weight: normal;\">,\u00a0 Mar\u00eda Reyes Gonz\u00e1lez | Diario Informaci\u00f3n (08\/02\/2012) | (<\/span><a style=\"font-weight: normal;\" href=\"http:\/\/www.sirho.es\/wp-content\/uploads\/2011\/07\/talento-y-compromiso.pdf\" target=\"_blank\" rel=\"noopener\">pdf<\/a><span style=\"font-weight: normal;\"> &#8211; <\/span><a style=\"font-weight: normal;\" href=\"http:\/\/www.diarioinformacion.com\/opinion\/2012\/02\/08\/talento-compromiso\/1220875.html\" target=\"_blank\" rel=\"noopener\">enlace<\/a><span style=\"font-weight: normal;\">)<\/span> <\/li>\n<li><strong>&#8220;Estrategias y modelos de gesti\u00f3n para el C\u00edrculo de Econom\u00eda&#8221;<\/strong> | Diario Informaci\u00f3n (<a href=\"http:\/\/www.sirho.es\/wp-content\/uploads\/2011\/11\/Estrategias-y-modelos-de-gesti%C3%B3n-para-%C2%A0el-C%C3%ADrculo-de-Econom%C3%ADa-Informacion.pdf\" target=\"_blank\" rel=\"noopener\">pdf<\/a> &#8211; <a href=\"http:\/\/www.diarioinformacion.com\/universitarios\/2011\/11\/22\/estrategias-modelos-gestion-circulo-economia\/1193538.html\" target=\"_blank\" rel=\"noopener\">enlace<\/a>) | 22\/11\/2011<\/li>\n<li><strong>&#8220;El C\u00edrculo de Econom\u00eda recibir\u00e1 el apoyo de la UA para dise\u00f1ar estrategias y modelos de gesti\u00f3n&#8221;<\/strong> | Peri\u00f3dico La Verdad (17\/11\/2011) | (<a href=\"https:\/\/polop.cpd.ua.es\/dossierua\/REPOSITORIO\/17-11-2011\/VERDAD\/El%20C%C3%ADrculo%20de%20Econom%C3%ADa.jpg\" target=\"_blank\" rel=\"noopener\">jpg<\/a>)<\/li>\n<li>Entrevista a Reyes Gonz\u00e1lez | Econom\u00eda 3 | (<a href=\"http:\/\/www.sirho.es\/wp-content\/uploads\/2011\/07\/Entrevista-Reyes-Gonz\u00e1lez-Econom\u00eda-3.pdf\" target=\"_blank\" rel=\"noopener\">pdf<\/a>) | Octubre 2011<\/li>\n<li>Declaraciones de Reyes Gonz\u00e1lez en el art\u00edculo &#8220;<!-- [if gte mso 9]><xml> <o:officedocumentsettings> <o:allowpng><\/o:allowpng> <\/o:officedocumentsettings> <\/xml><![endif]--><!-- [if gte mso 9]><xml> <w:worddocument> <w:view>Normal<\/w:view> <w:zoom>0<\/w:zoom> <w:trackmoves><\/w:trackmoves> <w:trackformatting><\/w:trackformatting> <w:hyphenationzone>21<\/w:hyphenationzone> <w:punctuationkerning><\/w:punctuationkerning> <w:validateagainstschemas><\/w:validateagainstschemas> <w:saveifxmlinvalid>false<\/w:saveifxmlinvalid> <w:ignoremixedcontent>false<\/w:ignoremixedcontent> <w:alwaysshowplaceholdertext>false<\/w:alwaysshowplaceholdertext> <w:donotpromoteqf><\/w:donotpromoteqf> <w:lidthemeother>ES<\/w:lidthemeother> <w:lidthemeasian>X-NONE<\/w:lidthemeasian> <w:lidthemecomplexscript>X-NONE<\/w:lidthemecomplexscript> <w:compatibility> <w:breakwrappedtables><\/w:breakwrappedtables> <w:snaptogridincell><\/w:snaptogridincell> <w:wraptextwithpunct><\/w:wraptextwithpunct> <w:useasianbreakrules><\/w:useasianbreakrules> <w:dontgrowautofit><\/w:dontgrowautofit> <w:splitpgbreakandparamark><\/w:splitpgbreakandparamark> <w:enableopentypekerning><\/w:enableopentypekerning> <w:dontflipmirrorindents><\/w:dontflipmirrorindents> <w:overridetablestylehps><\/w:overridetablestylehps> <\/w:compatibility> <m:mathpr> <m:mathfont m:val=\"Cambria Math\"><\/m:mathfont> <m:brkbin m:val=\"before\"><\/m:brkbin> <m:brkbinsub m:val=\"--\"><\/m:brkbinsub> <m:smallfrac m:val=\"off\"><\/m:smallfrac> <m:dispdef><\/m:dispdef> <m:lmargin m:val=\"0\"><\/m:lmargin> <m:rmargin m:val=\"0\"><\/m:rmargin> <m:defjc m:val=\"centerGroup\"><\/m:defjc> <m:wrapindent m:val=\"1440\"><\/m:wrapindent> <m:intlim m:val=\"subSup\"><\/m:intlim> <m:narylim m:val=\"undOvr\"><\/m:narylim> <\/m:mathpr><\/w:worddocument> <\/xml><![endif]--><!-- [if gte mso 9]><xml> <w:latentstyles DefLockedState=\"false\" DefUnhideWhenUsed=\"true\" DefSemiHidden=\"true\" DefQFormat=\"false\" DefPriority=\"99\" LatentStyleCount=\"267\"> <w:lsdexception Locked=\"false\" Priority=\"0\" SemiHidden=\"false\" UnhideWhenUsed=\"false\" QFormat=\"true\" Name=\"Normal\"><\/w:lsdexception> <w:lsdexception Locked=\"false\" Priority=\"9\" SemiHidden=\"false\" UnhideWhenUsed=\"false\" QFormat=\"true\" Name=\"heading 1\"><\/w:lsdexception> <w:lsdexception Locked=\"false\" Priority=\"9\" QFormat=\"true\" Name=\"heading 2\"><\/w:lsdexception> <w:lsdexception Locked=\"false\" Priority=\"9\" QFormat=\"true\" Name=\"heading 3\"><\/w:lsdexception> <w:lsdexception Locked=\"false\" Priority=\"9\" QFormat=\"true\" Name=\"heading 4\"><\/w:lsdexception> <w:lsdexception Locked=\"false\" Priority=\"9\" QFormat=\"true\" Name=\"heading 5\"><\/w:lsdexception> <w:lsdexception Locked=\"false\" Priority=\"9\" QFormat=\"true\" Name=\"heading 6\"><\/w:lsdexception> <w:lsdexception Locked=\"false\" Priority=\"9\" QFormat=\"true\" Name=\"heading 7\"><\/w:lsdexception> <w:lsdexception Locked=\"false\" Priority=\"9\" QFormat=\"true\" Name=\"heading 8\"><\/w:lsdexception> <w:lsdexception Locked=\"false\" Priority=\"9\" QFormat=\"true\" Name=\"heading 9\"><\/w:lsdexception> <w:lsdexception Locked=\"false\" Priority=\"39\" Name=\"toc 1\"><\/w:lsdexception> <w:lsdexception Locked=\"false\" Priority=\"39\" Name=\"toc 2\"><\/w:lsdexception> <w:lsdexception Locked=\"false\" Priority=\"39\" Name=\"toc 3\"><\/w:lsdexception> <w:lsdexception Locked=\"false\" Priority=\"39\" Name=\"toc 4\"><\/w:lsdexception> <w:lsdexception Locked=\"false\" Priority=\"39\" Name=\"toc 5\"><\/w:lsdexception> <w:lsdexception Locked=\"false\" Priority=\"39\" Name=\"toc 6\"><\/w:lsdexception> <w:lsdexception Locked=\"false\" Priority=\"39\" Name=\"toc 7\"><\/w:lsdexception> <w:lsdexception Locked=\"false\" Priority=\"39\" Name=\"toc 8\"><\/w:lsdexception> <w:lsdexception Locked=\"false\" Priority=\"39\" Name=\"toc 9\"><\/w:lsdexception> <w:lsdexception Locked=\"false\" Priority=\"35\" QFormat=\"true\" Name=\"caption\"><\/w:lsdexception> <w:lsdexception Locked=\"false\" Priority=\"10\" SemiHidden=\"false\" UnhideWhenUsed=\"false\" QFormat=\"true\" Name=\"Title\"><\/w:lsdexception> <w:lsdexception Locked=\"false\" Priority=\"1\" Name=\"Default Paragraph Font\"><\/w:lsdexception> <w:lsdexception Locked=\"false\" Priority=\"11\" SemiHidden=\"false\" UnhideWhenUsed=\"false\" QFormat=\"true\" Name=\"Subtitle\"><\/w:lsdexception> <w:lsdexception Locked=\"false\" Priority=\"22\" SemiHidden=\"false\" UnhideWhenUsed=\"false\" QFormat=\"true\" Name=\"Strong\"><\/w:lsdexception> <w:lsdexception Locked=\"false\" Priority=\"20\" SemiHidden=\"false\" UnhideWhenUsed=\"false\" QFormat=\"true\" Name=\"Emphasis\"><\/w:lsdexception> <w:lsdexception Locked=\"false\" Priority=\"59\" SemiHidden=\"false\" UnhideWhenUsed=\"false\" Name=\"Table Grid\"><\/w:lsdexception> <w:lsdexception Locked=\"false\" UnhideWhenUsed=\"false\" Name=\"Placeholder Text\"><\/w:lsdexception> <w:lsdexception Locked=\"false\" Priority=\"1\" SemiHidden=\"false\" UnhideWhenUsed=\"false\" QFormat=\"true\" Name=\"No Spacing\"><\/w:lsdexception> <w:lsdexception Locked=\"false\" Priority=\"60\" SemiHidden=\"false\" UnhideWhenUsed=\"false\" Name=\"Light Shading\"><\/w:lsdexception> <w:lsdexception Locked=\"false\" Priority=\"61\" SemiHidden=\"false\" UnhideWhenUsed=\"false\" Name=\"Light List\"><\/w:lsdexception> <w:lsdexception Locked=\"false\" Priority=\"62\" SemiHidden=\"false\" UnhideWhenUsed=\"false\" Name=\"Light Grid\"><\/w:lsdexception> <w:lsdexception Locked=\"false\" Priority=\"63\" SemiHidden=\"false\" UnhideWhenUsed=\"false\" Name=\"Medium Shading 1\"><\/w:lsdexception> <w:lsdexception Locked=\"false\" Priority=\"64\" SemiHidden=\"false\" UnhideWhenUsed=\"false\" Name=\"Medium Shading 2\"><\/w:lsdexception> <w:lsdexception Locked=\"false\" Priority=\"65\" SemiHidden=\"false\" UnhideWhenUsed=\"false\" Name=\"Medium List 1\"><\/w:lsdexception> <w:lsdexception Locked=\"false\" Priority=\"66\" SemiHidden=\"false\" UnhideWhenUsed=\"false\" Name=\"Medium List 2\"><\/w:lsdexception> <w:lsdexception Locked=\"false\" Priority=\"67\" SemiHidden=\"false\" UnhideWhenUsed=\"false\" Name=\"Medium Grid 1\"><\/w:lsdexception> <w:lsdexception Locked=\"false\" Priority=\"68\" SemiHidden=\"false\" UnhideWhenUsed=\"false\" Name=\"Medium Grid 2\"><\/w:lsdexception> <w:lsdexception Locked=\"false\" Priority=\"69\" SemiHidden=\"false\" UnhideWhenUsed=\"false\" Name=\"Medium Grid 3\"><\/w:lsdexception> <w:lsdexception Locked=\"false\" Priority=\"70\" SemiHidden=\"false\" UnhideWhenUsed=\"false\" Name=\"Dark List\"><\/w:lsdexception> <w:lsdexception Locked=\"false\" Priority=\"71\" SemiHidden=\"false\" UnhideWhenUsed=\"false\" Name=\"Colorful Shading\"><\/w:lsdexception> <w:lsdexception Locked=\"false\" Priority=\"72\" SemiHidden=\"false\" UnhideWhenUsed=\"false\" Name=\"Colorful List\"><\/w:lsdexception> <w:lsdexception Locked=\"false\" Priority=\"73\" SemiHidden=\"false\" UnhideWhenUsed=\"false\" Name=\"Colorful Grid\"><\/w:lsdexception> <w:lsdexception Locked=\"false\" Priority=\"60\" SemiHidden=\"false\" UnhideWhenUsed=\"false\" Name=\"Light Shading Accent 1\"><\/w:lsdexception> <w:lsdexception Locked=\"false\" Priority=\"61\" SemiHidden=\"false\" UnhideWhenUsed=\"false\" Name=\"Light List Accent 1\"><\/w:lsdexception> <w:lsdexception Locked=\"false\" Priority=\"62\" SemiHidden=\"false\" UnhideWhenUsed=\"false\" Name=\"Light Grid Accent 1\"><\/w:lsdexception> <w:lsdexception Locked=\"false\" Priority=\"63\" SemiHidden=\"false\" UnhideWhenUsed=\"false\" Name=\"Medium Shading 1 Accent 1\"><\/w:lsdexception> <w:lsdexception Locked=\"false\" Priority=\"64\" SemiHidden=\"false\" UnhideWhenUsed=\"false\" Name=\"Medium Shading 2 Accent 1\"><\/w:lsdexception> <w:lsdexception Locked=\"false\" Priority=\"65\" SemiHidden=\"false\" UnhideWhenUsed=\"false\" Name=\"Medium List 1 Accent 1\"><\/w:lsdexception> <w:lsdexception Locked=\"false\" UnhideWhenUsed=\"false\" Name=\"Revision\"><\/w:lsdexception> <w:lsdexception Locked=\"false\" Priority=\"34\" SemiHidden=\"false\" UnhideWhenUsed=\"false\" QFormat=\"true\" Name=\"List Paragraph\"><\/w:lsdexception> <w:lsdexception Locked=\"false\" Priority=\"29\" SemiHidden=\"false\" UnhideWhenUsed=\"false\" QFormat=\"true\" Name=\"Quote\"><\/w:lsdexception> <w:lsdexception Locked=\"false\" Priority=\"30\" SemiHidden=\"false\" UnhideWhenUsed=\"false\" QFormat=\"true\" Name=\"Intense Quote\"><\/w:lsdexception> <w:lsdexception Locked=\"false\" Priority=\"66\" SemiHidden=\"false\" UnhideWhenUsed=\"false\" Name=\"Medium List 2 Accent 1\"><\/w:lsdexception> <w:lsdexception Locked=\"false\" Priority=\"67\" SemiHidden=\"false\" UnhideWhenUsed=\"false\" Name=\"Medium Grid 1 Accent 1\"><\/w:lsdexception> <w:lsdexception Locked=\"false\" Priority=\"68\" SemiHidden=\"false\" UnhideWhenUsed=\"false\" Name=\"Medium Grid 2 Accent 1\"><\/w:lsdexception> <w:lsdexception Locked=\"false\" Priority=\"69\" SemiHidden=\"false\" UnhideWhenUsed=\"false\" Name=\"Medium Grid 3 Accent 1\"><\/w:lsdexception> <w:lsdexception Locked=\"false\" Priority=\"70\" SemiHidden=\"false\" UnhideWhenUsed=\"false\" Name=\"Dark List Accent 1\"><\/w:lsdexception> <w:lsdexception Locked=\"false\" Priority=\"71\" SemiHidden=\"false\" UnhideWhenUsed=\"false\" Name=\"Colorful Shading Accent 1\"><\/w:lsdexception> <w:lsdexception Locked=\"false\" Priority=\"72\" SemiHidden=\"false\" UnhideWhenUsed=\"false\" Name=\"Colorful List Accent 1\"><\/w:lsdexception> <w:lsdexception Locked=\"false\" Priority=\"73\" SemiHidden=\"false\" UnhideWhenUsed=\"false\" Name=\"Colorful Grid Accent 1\"><\/w:lsdexception> <w:lsdexception Locked=\"false\" Priority=\"60\" SemiHidden=\"false\" UnhideWhenUsed=\"false\" Name=\"Light Shading Accent 2\"><\/w:lsdexception> <w:lsdexception Locked=\"false\" Priority=\"61\" SemiHidden=\"false\" UnhideWhenUsed=\"false\" Name=\"Light List Accent 2\"><\/w:lsdexception> <w:lsdexception Locked=\"false\" Priority=\"62\" SemiHidden=\"false\" UnhideWhenUsed=\"false\" Name=\"Light Grid Accent 2\"><\/w:lsdexception> <w:lsdexception Locked=\"false\" Priority=\"63\" SemiHidden=\"false\" UnhideWhenUsed=\"false\" Name=\"Medium Shading 1 Accent 2\"><\/w:lsdexception> <w:lsdexception Locked=\"false\" Priority=\"64\" SemiHidden=\"false\" UnhideWhenUsed=\"false\" Name=\"Medium Shading 2 Accent 2\"><\/w:lsdexception> <w:lsdexception Locked=\"false\" Priority=\"65\" SemiHidden=\"false\" UnhideWhenUsed=\"false\" Name=\"Medium List 1 Accent 2\"><\/w:lsdexception> <w:lsdexception Locked=\"false\" Priority=\"66\" SemiHidden=\"false\" UnhideWhenUsed=\"false\" Name=\"Medium List 2 Accent 2\"><\/w:lsdexception> <w:lsdexception Locked=\"false\" Priority=\"67\" SemiHidden=\"false\" UnhideWhenUsed=\"false\" Name=\"Medium Grid 1 Accent 2\"><\/w:lsdexception> <w:lsdexception Locked=\"false\" Priority=\"68\" SemiHidden=\"false\" UnhideWhenUsed=\"false\" Name=\"Medium Grid 2 Accent 2\"><\/w:lsdexception> <w:lsdexception Locked=\"false\" Priority=\"69\" SemiHidden=\"false\" UnhideWhenUsed=\"false\" Name=\"Medium Grid 3 Accent 2\"><\/w:lsdexception> <w:lsdexception Locked=\"false\" Priority=\"70\" SemiHidden=\"false\" UnhideWhenUsed=\"false\" Name=\"Dark List Accent 2\"><\/w:lsdexception> <w:lsdexception Locked=\"false\" Priority=\"71\" SemiHidden=\"false\" UnhideWhenUsed=\"false\" Name=\"Colorful Shading Accent 2\"><\/w:lsdexception> <w:lsdexception Locked=\"false\" Priority=\"72\" SemiHidden=\"false\" UnhideWhenUsed=\"false\" Name=\"Colorful List Accent 2\"><\/w:lsdexception> <w:lsdexception Locked=\"false\" Priority=\"73\" SemiHidden=\"false\" UnhideWhenUsed=\"false\" Name=\"Colorful Grid Accent 2\"><\/w:lsdexception> <w:lsdexception Locked=\"false\" Priority=\"60\" SemiHidden=\"false\" UnhideWhenUsed=\"false\" Name=\"Light Shading Accent 3\"><\/w:lsdexception> <w:lsdexception Locked=\"false\" Priority=\"61\" SemiHidden=\"false\" UnhideWhenUsed=\"false\" Name=\"Light List Accent 3\"><\/w:lsdexception> <w:lsdexception Locked=\"false\" Priority=\"62\" SemiHidden=\"false\" UnhideWhenUsed=\"false\" Name=\"Light Grid Accent 3\"><\/w:lsdexception> <w:lsdexception Locked=\"false\" Priority=\"63\" SemiHidden=\"false\" UnhideWhenUsed=\"false\" Name=\"Medium Shading 1 Accent 3\"><\/w:lsdexception> <w:lsdexception Locked=\"false\" Priority=\"64\" SemiHidden=\"false\" UnhideWhenUsed=\"false\" Name=\"Medium Shading 2 Accent 3\"><\/w:lsdexception> <w:lsdexception Locked=\"false\" Priority=\"65\" SemiHidden=\"false\" UnhideWhenUsed=\"false\" Name=\"Medium List 1 Accent 3\"><\/w:lsdexception> <w:lsdexception Locked=\"false\" Priority=\"66\" SemiHidden=\"false\" UnhideWhenUsed=\"false\" Name=\"Medium List 2 Accent 3\"><\/w:lsdexception> <w:lsdexception Locked=\"false\" Priority=\"67\" SemiHidden=\"false\" UnhideWhenUsed=\"false\" Name=\"Medium Grid 1 Accent 3\"><\/w:lsdexception> <w:lsdexception Locked=\"false\" Priority=\"68\" SemiHidden=\"false\" UnhideWhenUsed=\"false\" Name=\"Medium Grid 2 Accent 3\"><\/w:lsdexception> <w:lsdexception Locked=\"false\" Priority=\"69\" SemiHidden=\"false\" UnhideWhenUsed=\"false\" Name=\"Medium Grid 3 Accent 3\"><\/w:lsdexception> <w:lsdexception Locked=\"false\" Priority=\"70\" SemiHidden=\"false\" UnhideWhenUsed=\"false\" Name=\"Dark List Accent 3\"><\/w:lsdexception> <w:lsdexception Locked=\"false\" Priority=\"71\" SemiHidden=\"false\" UnhideWhenUsed=\"false\" Name=\"Colorful Shading Accent 3\"><\/w:lsdexception> <w:lsdexception Locked=\"false\" Priority=\"72\" SemiHidden=\"false\" UnhideWhenUsed=\"false\" Name=\"Colorful List Accent 3\"><\/w:lsdexception> <w:lsdexception Locked=\"false\" Priority=\"73\" SemiHidden=\"false\" UnhideWhenUsed=\"false\" Name=\"Colorful Grid Accent 3\"><\/w:lsdexception> <w:lsdexception Locked=\"false\" Priority=\"60\" SemiHidden=\"false\" UnhideWhenUsed=\"false\" Name=\"Light Shading Accent 4\"><\/w:lsdexception> <w:lsdexception Locked=\"false\" Priority=\"61\" SemiHidden=\"false\" UnhideWhenUsed=\"false\" Name=\"Light List Accent 4\"><\/w:lsdexception> <w:lsdexception Locked=\"false\" Priority=\"62\" SemiHidden=\"false\" UnhideWhenUsed=\"false\" Name=\"Light Grid Accent 4\"><\/w:lsdexception> <w:lsdexception Locked=\"false\" Priority=\"63\" SemiHidden=\"false\" UnhideWhenUsed=\"false\" Name=\"Medium Shading 1 Accent 4\"><\/w:lsdexception> <w:lsdexception Locked=\"false\" Priority=\"64\" SemiHidden=\"false\" UnhideWhenUsed=\"false\" Name=\"Medium Shading 2 Accent 4\"><\/w:lsdexception> <w:lsdexception Locked=\"false\" Priority=\"65\" SemiHidden=\"false\" UnhideWhenUsed=\"false\" Name=\"Medium List 1 Accent 4\"><\/w:lsdexception> <w:lsdexception Locked=\"false\" Priority=\"66\" SemiHidden=\"false\" UnhideWhenUsed=\"false\" Name=\"Medium List 2 Accent 4\"><\/w:lsdexception> <w:lsdexception Locked=\"false\" Priority=\"67\" SemiHidden=\"false\" UnhideWhenUsed=\"false\" Name=\"Medium Grid 1 Accent 4\"><\/w:lsdexception> <w:lsdexception Locked=\"false\" Priority=\"68\" SemiHidden=\"false\" UnhideWhenUsed=\"false\" Name=\"Medium Grid 2 Accent 4\"><\/w:lsdexception> <w:lsdexception Locked=\"false\" Priority=\"69\" SemiHidden=\"false\" UnhideWhenUsed=\"false\" Name=\"Medium Grid 3 Accent 4\"><\/w:lsdexception> <w:lsdexception Locked=\"false\" Priority=\"70\" SemiHidden=\"false\" UnhideWhenUsed=\"false\" Name=\"Dark List Accent 4\"><\/w:lsdexception> <w:lsdexception Locked=\"false\" Priority=\"71\" SemiHidden=\"false\" UnhideWhenUsed=\"false\" Name=\"Colorful Shading Accent 4\"><\/w:lsdexception> <w:lsdexception Locked=\"false\" Priority=\"72\" SemiHidden=\"false\" UnhideWhenUsed=\"false\" Name=\"Colorful List Accent 4\"><\/w:lsdexception> <w:lsdexception Locked=\"false\" Priority=\"73\" SemiHidden=\"false\" UnhideWhenUsed=\"false\" Name=\"Colorful Grid Accent 4\"><\/w:lsdexception> <w:lsdexception Locked=\"false\" Priority=\"60\" SemiHidden=\"false\" UnhideWhenUsed=\"false\" Name=\"Light Shading Accent 5\"><\/w:lsdexception> <w:lsdexception Locked=\"false\" Priority=\"61\" SemiHidden=\"false\" UnhideWhenUsed=\"false\" Name=\"Light List Accent 5\"><\/w:lsdexception> <w:lsdexception Locked=\"false\" Priority=\"62\" SemiHidden=\"false\" UnhideWhenUsed=\"false\" Name=\"Light Grid Accent 5\"><\/w:lsdexception> <w:lsdexception Locked=\"false\" Priority=\"63\" SemiHidden=\"false\" UnhideWhenUsed=\"false\" Name=\"Medium Shading 1 Accent 5\"><\/w:lsdexception> <w:lsdexception Locked=\"false\" Priority=\"64\" SemiHidden=\"false\" UnhideWhenUsed=\"false\" Name=\"Medium Shading 2 Accent 5\"><\/w:lsdexception> <w:lsdexception Locked=\"false\" Priority=\"65\" SemiHidden=\"false\" UnhideWhenUsed=\"false\" Name=\"Medium List 1 Accent 5\"><\/w:lsdexception> <w:lsdexception Locked=\"false\" Priority=\"66\" SemiHidden=\"false\" UnhideWhenUsed=\"false\" Name=\"Medium List 2 Accent 5\"><\/w:lsdexception> <w:lsdexception Locked=\"false\" Priority=\"67\" SemiHidden=\"false\" UnhideWhenUsed=\"false\" Name=\"Medium Grid 1 Accent 5\"><\/w:lsdexception> <w:lsdexception Locked=\"false\" Priority=\"68\" SemiHidden=\"false\" UnhideWhenUsed=\"false\" Name=\"Medium Grid 2 Accent 5\"><\/w:lsdexception> <w:lsdexception Locked=\"false\" Priority=\"69\" SemiHidden=\"false\" UnhideWhenUsed=\"false\" Name=\"Medium Grid 3 Accent 5\"><\/w:lsdexception> <w:lsdexception Locked=\"false\" Priority=\"70\" SemiHidden=\"false\" UnhideWhenUsed=\"false\" Name=\"Dark List Accent 5\"><\/w:lsdexception> <w:lsdexception Locked=\"false\" Priority=\"71\" SemiHidden=\"false\" UnhideWhenUsed=\"false\" Name=\"Colorful Shading Accent 5\"><\/w:lsdexception> <w:lsdexception Locked=\"false\" Priority=\"72\" SemiHidden=\"false\" UnhideWhenUsed=\"false\" Name=\"Colorful List Accent 5\"><\/w:lsdexception> <w:lsdexception Locked=\"false\" Priority=\"73\" SemiHidden=\"false\" UnhideWhenUsed=\"false\" Name=\"Colorful Grid Accent 5\"><\/w:lsdexception> <w:lsdexception Locked=\"false\" Priority=\"60\" SemiHidden=\"false\" UnhideWhenUsed=\"false\" Name=\"Light Shading Accent 6\"><\/w:lsdexception> <w:lsdexception Locked=\"false\" Priority=\"61\" SemiHidden=\"false\" UnhideWhenUsed=\"false\" Name=\"Light List Accent 6\"><\/w:lsdexception> <w:lsdexception Locked=\"false\" Priority=\"62\" SemiHidden=\"false\" UnhideWhenUsed=\"false\" Name=\"Light Grid Accent 6\"><\/w:lsdexception> <w:lsdexception Locked=\"false\" Priority=\"63\" SemiHidden=\"false\" UnhideWhenUsed=\"false\" Name=\"Medium Shading 1 Accent 6\"><\/w:lsdexception> <w:lsdexception Locked=\"false\" Priority=\"64\" SemiHidden=\"false\" UnhideWhenUsed=\"false\" Name=\"Medium Shading 2 Accent 6\"><\/w:lsdexception> <w:lsdexception Locked=\"false\" Priority=\"65\" SemiHidden=\"false\" UnhideWhenUsed=\"false\" Name=\"Medium List 1 Accent 6\"><\/w:lsdexception> <w:lsdexception Locked=\"false\" Priority=\"66\" SemiHidden=\"false\" UnhideWhenUsed=\"false\" Name=\"Medium List 2 Accent 6\"><\/w:lsdexception> <w:lsdexception Locked=\"false\" Priority=\"67\" SemiHidden=\"false\" UnhideWhenUsed=\"false\" Name=\"Medium Grid 1 Accent 6\"><\/w:lsdexception> <w:lsdexception Locked=\"false\" Priority=\"68\" SemiHidden=\"false\" UnhideWhenUsed=\"false\" Name=\"Medium Grid 2 Accent 6\"><\/w:lsdexception> <w:lsdexception Locked=\"false\" Priority=\"69\" SemiHidden=\"false\" UnhideWhenUsed=\"false\" Name=\"Medium Grid 3 Accent 6\"><\/w:lsdexception> <w:lsdexception Locked=\"false\" Priority=\"70\" SemiHidden=\"false\" UnhideWhenUsed=\"false\" Name=\"Dark List Accent 6\"><\/w:lsdexception> <w:lsdexception Locked=\"false\" Priority=\"71\" SemiHidden=\"false\" UnhideWhenUsed=\"false\" Name=\"Colorful Shading Accent 6\"><\/w:lsdexception> <w:lsdexception Locked=\"false\" Priority=\"72\" SemiHidden=\"false\" UnhideWhenUsed=\"false\" Name=\"Colorful List Accent 6\"><\/w:lsdexception> <w:lsdexception Locked=\"false\" Priority=\"73\" SemiHidden=\"false\" UnhideWhenUsed=\"false\" Name=\"Colorful Grid Accent 6\"><\/w:lsdexception> <w:lsdexception Locked=\"false\" Priority=\"19\" SemiHidden=\"false\" UnhideWhenUsed=\"false\" QFormat=\"true\" Name=\"Subtle Emphasis\"><\/w:lsdexception> <w:lsdexception Locked=\"false\" Priority=\"21\" SemiHidden=\"false\" UnhideWhenUsed=\"false\" QFormat=\"true\" Name=\"Intense Emphasis\"><\/w:lsdexception> <w:lsdexception Locked=\"false\" Priority=\"31\" SemiHidden=\"false\" UnhideWhenUsed=\"false\" QFormat=\"true\" Name=\"Subtle Reference\"><\/w:lsdexception> <w:lsdexception Locked=\"false\" Priority=\"32\" SemiHidden=\"false\" UnhideWhenUsed=\"false\" QFormat=\"true\" Name=\"Intense Reference\"><\/w:lsdexception> <w:lsdexception Locked=\"false\" Priority=\"33\" SemiHidden=\"false\" UnhideWhenUsed=\"false\" QFormat=\"true\" Name=\"Book Title\"><\/w:lsdexception> <w:lsdexception Locked=\"false\" Priority=\"37\" Name=\"Bibliography\"><\/w:lsdexception> <w:lsdexception Locked=\"false\" Priority=\"39\" QFormat=\"true\" Name=\"TOC Heading\"><\/w:lsdexception> <\/w:latentstyles> <\/xml><![endif]--><!-- [if gte mso 10]>\n<mce:style><! \/* Style Definitions *\/ table.MsoNormalTable {mso-style-name:\"Tabla normal\"; mso-tstyle-rowband-size:0; mso-tstyle-colband-size:0; mso-style-noshow:yes; mso-style-priority:99; mso-style-parent:\"\"; mso-padding-alt:0cm 5.4pt 0cm 5.4pt; mso-para-margin-top:0cm; mso-para-margin-right:0cm; mso-para-margin-bottom:10.0pt; mso-para-margin-left:0cm; line-height:115%; mso-pagination:widow-orphan; font-size:11.0pt; font-family:\"Calibri\",\"sans-serif\"; mso-ascii-font-family:Calibri; mso-ascii-theme-font:minor-latin; mso-hansi-font-family:Calibri; mso-hansi-theme-font:minor-latin; mso-bidi-font-family:\"Times New Roman\"; mso-bidi-theme-font:minor-bidi; mso-fareast-language:EN-US;} -->Las compa\u00f1\u00edas espa\u00f1olas buscan un aliado flexible &#8221; | <a href=\"http:\/\/www.cincodias.com\" target=\"_blank\" rel=\"noopener\">CincoD\u00edas<\/a> |(<a href=\"http:\/\/www.sirho.es\/wp-content\/uploads\/2011\/07\/IMG.pdf\" target=\"_blank\" rel=\"noopener\">pdf <\/a>&#8211; <a href=\"http:\/\/www.cincodias.com\/articulo\/especiales\/companias-espanolas-buscan-aliado-flexible\/20111024cdsesp_1\/\" target=\"_blank\" rel=\"noopener\">enlace<\/a>) 24\/10\/2011<\/mce:style><\/li>\n<li><em><strong>Entrevista a Reyes Gonz\u00e1lez &#8220;Estamos en un sitio preferente en posicionamiento acad\u00e9mico&#8221; <\/strong><\/em>| rhmedia.es | 03\/10\/11 (<a href=\"http:\/\/www.sirho.es\/wp-content\/uploads\/2011\/10\/Estamos-en-un-sitio-preferente-en-posicionamiento-acad\u00e9mico.pdf\" target=\"_blank\" rel=\"noopener\">pdf<\/a> &#8211; <a href=\"http:\/\/www.rhmedia.es\/entrevistas\/estamos_en_un_sitio_preferente_en_posicionamiento_acad-id0371.html\" target=\"_blank\" rel=\"noopener\">enlace<\/a>)<\/li>\n<li><em><strong>&#8220;Taller para directivos de recursos humanos&#8221; <\/strong><\/em>| Nota de prensa | Diario Informaci\u00f3n (<a href=\"http:\/\/www.sirho.es\/wp-content\/uploads\/2011\/09\/Taller-para-directivos-de-recursos-humanos-Informacion.pdf\" target=\"_blank\" rel=\"noopener\">pdf<\/a> &#8211; <a href=\"http:\/\/www.diarioinformacion.com\/universitarios\/2011\/09\/20\/taller-directivos-recursos-humanos\/1169699.html\" target=\"_blank\" rel=\"noopener\">enlace<\/a>) (20\/09\/2011)<\/li>\n<li><em><strong>&#8220;Los directivos y la formaci\u00f3n&#8221;<\/strong><\/em> | Reyes Gonz\u00e1lez | Diario Informaci\u00f3n (<a href=\"http:\/\/www.sirho.es\/wp-content\/uploads\/2011\/07\/perioInforma17Julio.pdf\" target=\"_blank\" rel=\"noopener\">pdf<\/a> &#8211; <a href=\"http:\/\/www.diarioinformacion.com\/opinion\/2011\/07\/17\/directivos-formacion\/1149591.html\" target=\"_blank\" rel=\"noopener\">enlace<\/a>)\u00a0 | (17\/07\/2011)<\/li>\n<li><em><strong>&#8220;La formaci\u00f3n es lo que m\u00e1s importa en tiempos de crisis&#8221;<\/strong><\/em> | Reyes Gonz\u00e1lez | Diario Informaci\u00f3n (<a href=\"http:\/\/www.sirho.es\/wp-content\/uploads\/2011\/07\/perioInforma31Mayo.pdf\" target=\"_blank\" rel=\"noopener\">pdf <\/a>&#8211; <a href=\"http:\/\/www.diarioinformacion.com\/universitarios\/2011\/06\/28\/formacion-importa-tiempos-crisis\/1133090.html\" target=\"_blank\" rel=\"noopener\">enlace<\/a>)\u00a0 | (31\/05\/2011)<\/li>\n<\/ul>\n<div id=\"_mcePaste\" class=\"mcePaste\" style=\"position: absolute; left: -10000px; top: 0px; width: 1px; height: 1px; overflow: hidden;\">\n<div id=\"noticies\">\n<h1 class=\"entrevista\"><span style=\"color: #8f8796;\">Reyes Gonz\u00e1lez: <\/span><br \/>\n&#8220;Estamos en un sitio preferente en posicionamiento acad\u00e9mico&#8221;<\/h1>\n<\/div>\n<\/div>\n<p><!--:--><\/p>\n","protected":false},"excerpt":{"rendered":"<p>&#8220;Un debate vigente&#8221;\u00a0| Diario Informaci\u00f3n. (21\/09\/17) | (enlace) &#8220;La econom\u00eda colaborativa en turismo&#8221;\u00a0| Diario Informaci\u00f3n. (06\/09\/17) | (enlace) &#8220;En el top mundial&#8221;\u00a0| Diario Informaci\u00f3n. (02\/08\/17) | (enlace) &#8220;El m\u00e1ster de Direcci\u00f3n de Hoteles de la Universidad de Alicante profundizar\u00e1 en la gesti\u00f3n&#8221;\u00a0| Diario Informaci\u00f3n. (16\/06\/17) | (enlace) &#8220;Intraemprendedores&#8221;\u00a0| Diario Informaci\u00f3n. [&hellip;]<\/p>\n","protected":false},"author":4,"featured_media":0,"parent":3225,"menu_order":10,"comment_status":"closed","ping_status":"closed","template":"dossiers_page.php","meta":{"footnotes":""},"class_list":["post-3237","page","type-page","status-publish","hentry"],"yoast_head":"<!-- This site is optimized with the Yoast SEO plugin v27.4 - https:\/\/yoast.com\/product\/yoast-seo-wordpress\/ -->\n<title>Press kit - Grupo de Investigaci\u00f3n Sistemas de Informaci\u00f3n y Recursos Humanos en las Organizaciones<\/title>\n<meta name=\"robots\" content=\"index, follow, max-snippet:-1, max-image-preview:large, max-video-preview:-1\" \/>\n<link rel=\"canonical\" href=\"https:\/\/www.sirho.es\/en\/information-2\/press-kit\/\" \/>\n<meta property=\"og:locale\" content=\"en_US\" \/>\n<meta property=\"og:type\" content=\"article\" \/>\n<meta property=\"og:title\" content=\"Press kit - Grupo de Investigaci\u00f3n Sistemas de Informaci\u00f3n y Recursos Humanos en las Organizaciones\" \/>\n<meta property=\"og:description\" content=\"&#8220;Un debate vigente&#8221;\u00a0| Diario Informaci\u00f3n. (21\/09\/17) | (enlace) &#8220;La econom\u00eda colaborativa en turismo&#8221;\u00a0| Diario Informaci\u00f3n. (06\/09\/17) | (enlace) &#8220;En el top mundial&#8221;\u00a0| Diario Informaci\u00f3n. (02\/08\/17) | (enlace) &#8220;El m\u00e1ster de Direcci\u00f3n de Hoteles de la Universidad de Alicante profundizar\u00e1 en la gesti\u00f3n&#8221;\u00a0| Diario Informaci\u00f3n. (16\/06\/17) | (enlace) &#8220;Intraemprendedores&#8221;\u00a0| Diario Informaci\u00f3n. [&hellip;]\" \/>\n<meta property=\"og:url\" content=\"https:\/\/www.sirho.es\/en\/information-2\/press-kit\/\" \/>\n<meta property=\"og:site_name\" content=\"Grupo de Investigaci\u00f3n Sistemas de Informaci\u00f3n y Recursos Humanos en las Organizaciones\" \/>\n<meta property=\"article:modified_time\" content=\"2018-06-19T10:15:48+00:00\" \/>\n<meta name=\"twitter:label1\" content=\"Est. reading time\" \/>\n\t<meta name=\"twitter:data1\" content=\"4 minutes\" \/>\n<script type=\"application\/ld+json\" class=\"yoast-schema-graph\">{\"@context\":\"https:\\\/\\\/schema.org\",\"@graph\":[{\"@type\":\"WebPage\",\"@id\":\"https:\\\/\\\/www.sirho.es\\\/en\\\/information-2\\\/press-kit\\\/\",\"url\":\"https:\\\/\\\/www.sirho.es\\\/en\\\/information-2\\\/press-kit\\\/\",\"name\":\"Press kit - Grupo de Investigaci\u00f3n Sistemas de Informaci\u00f3n y Recursos Humanos en las Organizaciones\",\"isPartOf\":{\"@id\":\"https:\\\/\\\/www.sirho.es\\\/#website\"},\"datePublished\":\"2011-07-22T14:20:57+00:00\",\"dateModified\":\"2018-06-19T10:15:48+00:00\",\"breadcrumb\":{\"@id\":\"https:\\\/\\\/www.sirho.es\\\/en\\\/information-2\\\/press-kit\\\/#breadcrumb\"},\"inLanguage\":\"en-US\",\"potentialAction\":[{\"@type\":\"ReadAction\",\"target\":[\"https:\\\/\\\/www.sirho.es\\\/en\\\/information-2\\\/press-kit\\\/\"]}]},{\"@type\":\"BreadcrumbList\",\"@id\":\"https:\\\/\\\/www.sirho.es\\\/en\\\/information-2\\\/press-kit\\\/#breadcrumb\",\"itemListElement\":[{\"@type\":\"ListItem\",\"position\":1,\"name\":\"Home\",\"item\":\"https:\\\/\\\/www.sirho.es\\\/en\\\/\"},{\"@type\":\"ListItem\",\"position\":2,\"name\":\"+ Information\",\"item\":\"https:\\\/\\\/www.sirho.es\\\/en\\\/information-2\\\/\"},{\"@type\":\"ListItem\",\"position\":3,\"name\":\"Press kit\"}]},{\"@type\":\"WebSite\",\"@id\":\"https:\\\/\\\/www.sirho.es\\\/#website\",\"url\":\"https:\\\/\\\/www.sirho.es\\\/\",\"name\":\"Grupo de Investigaci\u00f3n Sistemas de Informaci\u00f3n y Recursos Humanos en las Organizaciones\",\"description\":\"\",\"potentialAction\":[{\"@type\":\"SearchAction\",\"target\":{\"@type\":\"EntryPoint\",\"urlTemplate\":\"https:\\\/\\\/www.sirho.es\\\/?s={search_term_string}\"},\"query-input\":{\"@type\":\"PropertyValueSpecification\",\"valueRequired\":true,\"valueName\":\"search_term_string\"}}],\"inLanguage\":\"en-US\"}]}<\/script>\n<!-- \/ Yoast SEO plugin. -->","yoast_head_json":{"title":"Press kit - Grupo de Investigaci\u00f3n Sistemas de Informaci\u00f3n y Recursos Humanos en las Organizaciones","robots":{"index":"index","follow":"follow","max-snippet":"max-snippet:-1","max-image-preview":"max-image-preview:large","max-video-preview":"max-video-preview:-1"},"canonical":"https:\/\/www.sirho.es\/en\/information-2\/press-kit\/","og_locale":"en_US","og_type":"article","og_title":"Press kit - Grupo de Investigaci\u00f3n Sistemas de Informaci\u00f3n y Recursos Humanos en las Organizaciones","og_description":"&#8220;Un debate vigente&#8221;\u00a0| Diario Informaci\u00f3n. (21\/09\/17) | (enlace) &#8220;La econom\u00eda colaborativa en turismo&#8221;\u00a0| Diario Informaci\u00f3n. (06\/09\/17) | (enlace) &#8220;En el top mundial&#8221;\u00a0| Diario Informaci\u00f3n. (02\/08\/17) | (enlace) &#8220;El m\u00e1ster de Direcci\u00f3n de Hoteles de la Universidad de Alicante profundizar\u00e1 en la gesti\u00f3n&#8221;\u00a0| Diario Informaci\u00f3n. (16\/06\/17) | (enlace) &#8220;Intraemprendedores&#8221;\u00a0| Diario Informaci\u00f3n. [&hellip;]","og_url":"https:\/\/www.sirho.es\/en\/information-2\/press-kit\/","og_site_name":"Grupo de Investigaci\u00f3n Sistemas de Informaci\u00f3n y Recursos Humanos en las Organizaciones","article_modified_time":"2018-06-19T10:15:48+00:00","twitter_misc":{"Est. reading time":"4 minutes"},"schema":{"@context":"https:\/\/schema.org","@graph":[{"@type":"WebPage","@id":"https:\/\/www.sirho.es\/en\/information-2\/press-kit\/","url":"https:\/\/www.sirho.es\/en\/information-2\/press-kit\/","name":"Press kit - Grupo de Investigaci\u00f3n Sistemas de Informaci\u00f3n y Recursos Humanos en las Organizaciones","isPartOf":{"@id":"https:\/\/www.sirho.es\/#website"},"datePublished":"2011-07-22T14:20:57+00:00","dateModified":"2018-06-19T10:15:48+00:00","breadcrumb":{"@id":"https:\/\/www.sirho.es\/en\/information-2\/press-kit\/#breadcrumb"},"inLanguage":"en-US","potentialAction":[{"@type":"ReadAction","target":["https:\/\/www.sirho.es\/en\/information-2\/press-kit\/"]}]},{"@type":"BreadcrumbList","@id":"https:\/\/www.sirho.es\/en\/information-2\/press-kit\/#breadcrumb","itemListElement":[{"@type":"ListItem","position":1,"name":"Home","item":"https:\/\/www.sirho.es\/en\/"},{"@type":"ListItem","position":2,"name":"+ Information","item":"https:\/\/www.sirho.es\/en\/information-2\/"},{"@type":"ListItem","position":3,"name":"Press kit"}]},{"@type":"WebSite","@id":"https:\/\/www.sirho.es\/#website","url":"https:\/\/www.sirho.es\/","name":"Grupo de Investigaci\u00f3n Sistemas de Informaci\u00f3n y Recursos Humanos en las Organizaciones","description":"","potentialAction":[{"@type":"SearchAction","target":{"@type":"EntryPoint","urlTemplate":"https:\/\/www.sirho.es\/?s={search_term_string}"},"query-input":{"@type":"PropertyValueSpecification","valueRequired":true,"valueName":"search_term_string"}}],"inLanguage":"en-US"}]}},"_links":{"self":[{"href":"https:\/\/www.sirho.es\/en\/wp-json\/wp\/v2\/pages\/3237","targetHints":{"allow":["GET"]}}],"collection":[{"href":"https:\/\/www.sirho.es\/en\/wp-json\/wp\/v2\/pages"}],"about":[{"href":"https:\/\/www.sirho.es\/en\/wp-json\/wp\/v2\/types\/page"}],"author":[{"embeddable":true,"href":"https:\/\/www.sirho.es\/en\/wp-json\/wp\/v2\/users\/4"}],"replies":[{"embeddable":true,"href":"https:\/\/www.sirho.es\/en\/wp-json\/wp\/v2\/comments?post=3237"}],"version-history":[{"count":5,"href":"https:\/\/www.sirho.es\/en\/wp-json\/wp\/v2\/pages\/3237\/revisions"}],"predecessor-version":[{"id":8157,"href":"https:\/\/www.sirho.es\/en\/wp-json\/wp\/v2\/pages\/3237\/revisions\/8157"}],"up":[{"embeddable":true,"href":"https:\/\/www.sirho.es\/en\/wp-json\/wp\/v2\/pages\/3225"}],"wp:attachment":[{"href":"https:\/\/www.sirho.es\/en\/wp-json\/wp\/v2\/media?parent=3237"}],"curies":[{"name":"wp","href":"https:\/\/api.w.org\/{rel}","templated":true}]}}